{"id":24,"date":"2016-03-05T16:40:25","date_gmt":"2016-03-05T14:40:25","guid":{"rendered":"https:\/\/waldkindergartensite.wordpress.com\/der-kindergarten\/paedagogischer-leitgedanke\/"},"modified":"2020-04-13T00:17:36","modified_gmt":"2020-04-12T22:17:36","slug":"paedagogischer-leitgedanke","status":"publish","type":"page","link":"https:\/\/waldkindergarten-berglen.de\/?page_id=24","title":{"rendered":"P\u00e4dagogischer Leitgedanke"},"content":{"rendered":"<p><em>Unser Waldkindergarten orientiert sich in wesentlichen Teilen am \u00abFlensburger Konzept\u00bb, das eine Weiterentwicklung der 40-j\u00e4hrigen Erfahrung d\u00e4nischer Waldkinderg\u00e4rten darstellt:<\/em><\/p>\n<h4>Ganzheitliches Lernen<\/h4>\n<p>Die Kinder k\u00f6nnen ihren nat\u00fcrlichen Bewegungsdrang ohne T\u00fcren und W\u00e4nde ausleben.<br \/>\nDurch die fehlende r\u00e4umliche Einschr\u00e4nkung lassen sich innere Grenzen besser erleben und ausdr\u00fccken. Gruppen k\u00f6nnen sich spontan bilden und ebenso spontan umbilden.<br \/>\nKeine L\u00e4rmbel\u00e4stigung wie in geschlossenen R\u00e4umen, die Kinder k\u00f6nnen wieder Stille erleben.<br \/>\nDie Phantasie und Kreativit\u00e4t der Kinder werden durch die Vielf\u00e4ltigkeit der Natur angeregt und gef\u00f6rdert.<\/p>\n<p>Auf Basis von Geborgenheit und Sicherheit k\u00f6nnen die Kinder die Umwelt entdecken und Abenteuerlust erleben.<\/p>\n<h4>Gesunderhaltung und K\u00f6rperharmonie<\/h4>\n<p>Wind und Wetter ausgesetzt zu sein, st\u00e4rkt das Immunsystem. Die nat\u00fcrliche Umwelt, das Eingebundensein in die Natur und das Erleben der wechselseitigen Abh\u00e4ngigkeiten, bewirken eine ganzheitliche Harmonisierung.<\/p>\n<figure id=\"attachment_3190\" aria-describedby=\"caption-attachment-3190\" style=\"width: 300px\" class=\"wp-caption aligncenter\"><img loading=\"lazy\" decoding=\"async\" class=\"wp-image-3190 size-medium\" src=\"\/wp-content\/uploads\/2016\/03\/EndlichSchneeJuchee-1-300x225.jpg\" alt=\"Endlich Schnee, juchee!\" width=\"300\" height=\"225\" srcset=\"https:\/\/waldkindergarten-berglen.de\/wp-content\/uploads\/2016\/03\/EndlichSchneeJuchee-1-300x225.jpg 300w, https:\/\/waldkindergarten-berglen.de\/wp-content\/uploads\/2016\/03\/EndlichSchneeJuchee-1-768x576.jpg 768w, https:\/\/waldkindergarten-berglen.de\/wp-content\/uploads\/2016\/03\/EndlichSchneeJuchee-1.jpg 1024w\" sizes=\"auto, (max-width: 300px) 100vw, 300px\" \/><figcaption id=\"caption-attachment-3190\" class=\"wp-caption-text\">Endlich Schnee, juchee!<\/figcaption><\/figure>\n<h4>Naturerleben<\/h4>\n<p>Das direkte Erleben der Jahreszeiten, des Wetters und deren direkte Auswirkungen auf die Natur lassen sich aus erster Hand beobachten.<\/p>\n<p>Warum ist der Fr\u00fchling bunt, duftend, laut, voller Leben und Bewegung, der Winter hingegen still, starr, arm an Farben und Ger\u00fcchen? Wo sind die vielen V\u00f6gel, Insekten und anderen Tiere im Winter, und was fressen sie dort? Warum ist jene Rinde so zerfurcht und diese so glatt?<\/p>\n<p>Wohin f\u00fchrt die Ameisenstra\u00dfe? Wie kommt der kleine Tannenbaum hierher? Warum ist es heute neblig? Kinder bemerken oft die kleinsten Ver\u00e4nderungen und hinterfragen diese, manchmal auch erst Wochen sp\u00e4ter.<br \/>\nViele M\u00e4rchen, Sagen, Legenden und Geschichten haben den Wald als Handlungsraum. Erz\u00e4hlt man Kindern das M\u00e4rchen vom Froschk\u00f6nig beispielsweise im Sommer an einem Teich, so werden sie diesen von nun an immer mit ruhigem Wasser, Seerosen, Libellen, Wasserl\u00e4ufern und Wasserschnecken assoziieren.<\/p>\n<p>Dar\u00fcber hinaus bietet sich die M\u00f6glichkeit, mit dem Lebendigen &#8211; mit K\u00e4fern, Schnecken, Kr\u00e4uter, B\u00e4umen usw. &#8211; vertraut zu werden. Kinder lernen anders als Erwachsene.<\/p>\n<figure id=\"attachment_3199\" aria-describedby=\"caption-attachment-3199\" style=\"width: 300px\" class=\"wp-caption alignleft\"><img loading=\"lazy\" decoding=\"async\" class=\"size-medium wp-image-3199\" src=\"\/wp-content\/uploads\/2016\/03\/Wir...-1-300x225.jpg\" alt=\"Wir\" width=\"300\" height=\"225\" srcset=\"https:\/\/waldkindergarten-berglen.de\/wp-content\/uploads\/2016\/03\/Wir...-1-300x225.jpg 300w, https:\/\/waldkindergarten-berglen.de\/wp-content\/uploads\/2016\/03\/Wir...-1-768x576.jpg 768w, https:\/\/waldkindergarten-berglen.de\/wp-content\/uploads\/2016\/03\/Wir...-1.jpg 1024w\" sizes=\"auto, (max-width: 300px) 100vw, 300px\" \/><figcaption id=\"caption-attachment-3199\" class=\"wp-caption-text\">Wir<\/figcaption><\/figure>\n<figure id=\"attachment_3198\" aria-describedby=\"caption-attachment-3198\" style=\"width: 225px\" class=\"wp-caption aligncenter\"><img loading=\"lazy\" decoding=\"async\" class=\"size-medium wp-image-3198\" src=\"\/wp-content\/uploads\/2016\/03\/geben...-300x225.jpg\" alt=\"geben\" width=\"225\" height=\"300\"><figcaption id=\"caption-attachment-3198\" class=\"wp-caption-text\">geben<\/figcaption><\/figure>\n<figure id=\"attachment_3197\" aria-describedby=\"caption-attachment-3197\" style=\"width: 300px\" class=\"wp-caption alignright\"><img loading=\"lazy\" decoding=\"async\" class=\"size-medium wp-image-3197\" src=\"\/wp-content\/uploads\/2016\/03\/acht-1-300x225.jpg\" alt=\"acht!\" width=\"300\" height=\"225\" srcset=\"https:\/\/waldkindergarten-berglen.de\/wp-content\/uploads\/2016\/03\/acht-1-300x225.jpg 300w, https:\/\/waldkindergarten-berglen.de\/wp-content\/uploads\/2016\/03\/acht-1-768x576.jpg 768w, https:\/\/waldkindergarten-berglen.de\/wp-content\/uploads\/2016\/03\/acht-1.jpg 1024w\" sizes=\"auto, (max-width: 300px) 100vw, 300px\" \/><figcaption id=\"caption-attachment-3197\" class=\"wp-caption-text\">acht!<\/figcaption><\/figure>\n<p>Sie m\u00fcssen zuerst sehen, ber\u00fchren und erleben, bevor sie Erkl\u00e4rungen aufnehmen k\u00f6nnen. Zu fr\u00fche Erkl\u00e4rungen werden nicht aufgenommen oder st\u00f6ren das Beobachtungserlebnis. Es ist nicht wichtig, viele Baum-, Kr\u00e4uter-, Pilz- oder Vogelnamen zu nennen. Viel wichtiger ist es, die Kinder zum Beobachten und Fragestellen anzuregen und diese Fragen beantworten zu k\u00f6nnen. Dieses Bem\u00fchen ist eine Investition in eine lebenswerte Zukunft.<\/p>\n<h4>Soziales Lernen in der Gruppe<\/h4>\n<p>Neben den vielf\u00e4ltigen Erfahrungsm\u00f6glichkeiten f\u00fcr Kinder ist uns die St\u00e4rkung der Gruppe, wie auch die Entwicklung zur Selbstst\u00e4ndigkeit sehr wichtig. Dazu geh\u00f6rt, dass sie Situationen &#8211; mit wohl dosierbaren Handlungsspielr\u00e4umen &#8211; gewisse Risiken eingehen k\u00f6nnen bzw. Schritt f\u00fcr Schritt wagen k\u00f6nnen, die eigenen Grenzen zu erfahren und zu erweitern. Nur so kann man lernen, Verantwortung f\u00fcr sich, sein Handeln und dessen Folgen zu \u00fcbernehmen, nur so kann man Sinnes- und Selbstsicherheit gewinnen.<\/p>\n<p>Das soziale Lernen im Waldkindergarten umfasst wie in allen \u00fcbrigen Kinderbetreuungseinrichtungen:<\/p>\n<ul>\n<li>Einander zu helfen<\/li>\n<li>R\u00fccksicht zu nehmen und Verst\u00e4ndnis zu haben<\/li>\n<li>Eigene Interessen zu erkennen und zu vertreten<\/li>\n<li>Zu warten, bis man an der Reihe ist<\/li>\n<li>Geduld zu entwickeln<\/li>\n<li>Anderen zuzuh\u00f6ren<\/li>\n<\/ul>\n<h4>F\u00f6rderung der Sinne<\/h4>\n<p>Sehen, H\u00f6ren, Riechen, F\u00fchlen und Tasten werden ebenso gef\u00f6rdert wie die Grob- und Feinmotorik und der Gleichgewichtssinn. Die \u00dcberg\u00e4nge sind flie\u00dfend.<\/p>\n<figure id=\"attachment_3194\" aria-describedby=\"caption-attachment-3194\" style=\"width: 225px\" class=\"wp-caption aligncenter\"><img loading=\"lazy\" decoding=\"async\" class=\"size-medium wp-image-3194\" src=\"\/wp-content\/uploads\/2016\/03\/HinUndHerNaehenIstNichtSchwer-1-225x300.jpg\" alt=\"Hin und her, n\u00e4hen ist nicht schwer!\" width=\"225\" height=\"300\" srcset=\"https:\/\/waldkindergarten-berglen.de\/wp-content\/uploads\/2016\/03\/HinUndHerNaehenIstNichtSchwer-1-225x300.jpg 225w, https:\/\/waldkindergarten-berglen.de\/wp-content\/uploads\/2016\/03\/HinUndHerNaehenIstNichtSchwer-1-768x1024.jpg 768w, https:\/\/waldkindergarten-berglen.de\/wp-content\/uploads\/2016\/03\/HinUndHerNaehenIstNichtSchwer-1-1152x1536.jpg 1152w, https:\/\/waldkindergarten-berglen.de\/wp-content\/uploads\/2016\/03\/HinUndHerNaehenIstNichtSchwer-1-1536x2048.jpg 1536w, https:\/\/waldkindergarten-berglen.de\/wp-content\/uploads\/2016\/03\/HinUndHerNaehenIstNichtSchwer-1-1200x1600.jpg 1200w, https:\/\/waldkindergarten-berglen.de\/wp-content\/uploads\/2016\/03\/HinUndHerNaehenIstNichtSchwer-1-1980x2640.jpg 1980w, https:\/\/waldkindergarten-berglen.de\/wp-content\/uploads\/2016\/03\/HinUndHerNaehenIstNichtSchwer-1-scaled.jpg 1920w\" sizes=\"auto, (max-width: 225px) 100vw, 225px\" \/><figcaption id=\"caption-attachment-3194\" class=\"wp-caption-text\">Hin und her, n\u00e4hen ist nicht schwer!<\/figcaption><\/figure>\n<p>Je vielf\u00e4ltiger die sensorischen Funktionen ge\u00fcbt werden, um so sicherer wird das Kind in seinen Bewegungen und um so besser gelingt ihm die Auseinandersetzung mit seiner Umwelt. K\u00f6rperbewegungen sind f\u00fcr die Entwicklung des Gleichgewichtsinns und der Bewegungsempfindlichkeit unerl\u00e4sslich. Zudem sind sie unverzichtbare Grundlagen einer ganzheitlichen Entwicklung.<\/p>\n<h4>F\u00f6rderung handwerklicher Interessen<\/h4>\n<p>Unser gut ausgestatteter Werkzeugschuppen wird von Kindern beiderlei Geschlechts gerne benutzt. Da wird ges\u00e4gt und gebohrt, geh\u00e4mmert und gefeilt was die Baumst\u00e4mme und \u00c4ste hergeben. Material finden wir immer gen\u00fcgend im Wald und die Kinder entwickeln erstaunliche Ideen und Fertigkeiten, das Holz zu bearbeiten.<\/p>\n<figure id=\"attachment_3196\" aria-describedby=\"caption-attachment-3196\" style=\"width: 300px\" class=\"wp-caption aligncenter\"><img loading=\"lazy\" decoding=\"async\" class=\"size-medium wp-image-3196\" src=\"\/wp-content\/uploads\/2016\/03\/GemeinsamBauenWirUnsEineHuette-1-1-300x225.jpg\" alt=\"Gemeinsam bauen wir uns eine H\u00fctte!\" width=\"300\" height=\"225\" srcset=\"https:\/\/waldkindergarten-berglen.de\/wp-content\/uploads\/2016\/03\/GemeinsamBauenWirUnsEineHuette-1-1-300x225.jpg 300w, https:\/\/waldkindergarten-berglen.de\/wp-content\/uploads\/2016\/03\/GemeinsamBauenWirUnsEineHuette-1-1-768x576.jpg 768w, https:\/\/waldkindergarten-berglen.de\/wp-content\/uploads\/2016\/03\/GemeinsamBauenWirUnsEineHuette-1-1.jpg 1024w\" sizes=\"auto, (max-width: 300px) 100vw, 300px\" \/><figcaption id=\"caption-attachment-3196\" class=\"wp-caption-text\">Gemeinsam bauen wir uns eine H\u00fctte!<\/figcaption><\/figure>\n<h4>Umweltschutz<\/h4>\n<p>Wer Wald und Natur als Kind kennen und respektieren lernt, wird sich auch als Erwachsener um sie sorgen.<br \/>\nIn einer Untersuchung der Universit\u00e4t Kiel ging man der Frage nach, wie Umweltbewusstsein, das auch zu umweltbewusstem Handeln f\u00fchrt, bei Sch\u00fclern entsteht.<br \/>\nDie wesentlichen Ergebnisse sind:<\/p>\n<ul>\n<li>Fernsehen, Presse und Rundfunk beeinflussen die Sch\u00fcler nur kurzfristig.<br \/>\nSie vermitteln weder zusammenh\u00e4ngendes Wissen \u00fcber die Umwelt, noch f\u00f6rdern sie die Bereitschaft zu umweltbewusstem Handel.<\/li>\n<li>Ebenso wie die Medien hat die Schule \u00abbeim Aufbau \u00f6kologischer Gef\u00fchle versagt\u00bb.<\/li>\n<li>Deutlicher nachweisbar ist der Einfluss einer umweltbewussten Elternhauses. Kinder&nbsp; und Jugendliche, denen \u00f6kologisches Verhalten vorgelebt wurde, \u00fcbernehmen dies im eigenen Haushalt, tragen es auch nach au\u00dfen, z. B. in Form eines aktiven Einsatzes f\u00fcr Umweltschutz.<\/li>\n<\/ul>\n<p>Aus diesen Untersuchungsergebnissen wird ersichtlich. wie elementar es ist, Kindern und Jugendlichen w\u00e4hrend der gesamten Kindheit und Schulzeit, neben theoretischen Kenntnissen, intensives Naturerleben zu erm\u00f6glichen.<br \/>\nDrei\u00dfig Jahre Umwelterziehung an den Schulen konnten bisher nicht verhinderen, dass Schulh\u00f6fe, Spiel- und Grillpl\u00e4tze, Trimm-dich-Pfade usw. mehr denn je von Kindern und Jugendlichen verdreckt oder gar verw\u00fcstet werden. Unser Treffpunkt bildet hier keine Ausnahme, und die Kinder sind immer wieder emp\u00f6rt \u00fcber den M\u00fcll, der \u00fcberall herumgeworfen wird.<\/p>\n<h4>Waldkindergarten, ein extremes Kinderbetreuungsmodell?<\/h4>\n<p>Der Aufbau unseres Waldkindergartens als der Erste seiner Art in Baden-W\u00fcrttemberg war ein Gang von Pontius zu Pilatus, seine Durchsetzung in einer kleinen Gemeinde wie Berglen schon in gewisser Weise revolution\u00e4r.<\/p>\n<p>Nimmt man jedoch Berichte \u00fcber die zunehmende Aggressivit\u00e4t, \u00dcbergewichtigkeit, Haltungsschw\u00e4chen und -sch\u00e4den, Konzentrationsst\u00f6rungen, Schw\u00e4chen in der kindlichen Grob- und Feinmotorik usw. ernst, so wird die Dringlichkeit eines ganzheitlichen naturverbundenen Kindergartenkonzepts deutlich. Sp\u00e4testens, als unsere ersten Waldkindergarten-Kinder in die Schule kamen und dort zeigen konnten, dass sie weder Halbwilde waren, noch pausenlos durchs Klassenzimmer rennen mussten, sondern vielmehr manchen Klassenkameraden z.B. an Konzentrationsf\u00e4higkeit und Disziplin weit voraus waren, fand unser Kindergartenkonzept eine zunehmend breite Akzeptanz.<\/p>\n","protected":false},"excerpt":{"rendered":"<p>Unser Waldkindergarten orientiert sich in wesentlichen Teilen am \u00abFlensburger Konzept\u00bb, das eine Weiterentwicklung der 40-j\u00e4hrigen Erfahrung d\u00e4nischer Waldkinderg\u00e4rten darstellt: Ganzheitliches Lernen Die Kinder k\u00f6nnen ihren nat\u00fcrlichen Bewegungsdrang ohne T\u00fcren und W\u00e4nde ausleben. Durch die fehlende r\u00e4umliche Einschr\u00e4nkung lassen sich innere Grenzen besser erleben und ausdr\u00fccken. Gruppen k\u00f6nnen sich spontan bilden und ebenso spontan umbilden. Keine&hellip; <a href=\"https:\/\/waldkindergarten-berglen.de\/?page_id=24\" class=\"more-link\">Weiterlesen <span class=\"screen-reader-text\">P\u00e4dagogischer Leitgedanke<\/span><\/a><\/p>\n","protected":false},"author":2,"featured_media":0,"parent":0,"menu_order":2,"comment_status":"closed","ping_status":"closed","template":"","meta":{"ngg_post_thumbnail":0,"footnotes":""},"categories":[],"tags":[],"class_list":["post-24","page","type-page","status-publish","hentry"],"jetpack_sharing_enabled":true,"_links":{"self":[{"href":"https:\/\/waldkindergarten-berglen.de\/index.php?rest_route=\/wp\/v2\/pages\/24","targetHints":{"allow":["GET"]}}],"collection":[{"href":"https:\/\/waldkindergarten-berglen.de\/index.php?rest_route=\/wp\/v2\/pages"}],"about":[{"href":"https:\/\/waldkindergarten-berglen.de\/index.php?rest_route=\/wp\/v2\/types\/page"}],"author":[{"embeddable":true,"href":"https:\/\/waldkindergarten-berglen.de\/index.php?rest_route=\/wp\/v2\/users\/2"}],"replies":[{"embeddable":true,"href":"https:\/\/waldkindergarten-berglen.de\/index.php?rest_route=%2Fwp%2Fv2%2Fcomments&post=24"}],"version-history":[{"count":2,"href":"https:\/\/waldkindergarten-berglen.de\/index.php?rest_route=\/wp\/v2\/pages\/24\/revisions"}],"predecessor-version":[{"id":6595,"href":"https:\/\/waldkindergarten-berglen.de\/index.php?rest_route=\/wp\/v2\/pages\/24\/revisions\/6595"}],"wp:attachment":[{"href":"https:\/\/waldkindergarten-berglen.de\/index.php?rest_route=%2Fwp%2Fv2%2Fmedia&parent=24"}],"wp:term":[{"taxonomy":"category","embeddable":true,"href":"https:\/\/waldkindergarten-berglen.de\/index.php?rest_route=%2Fwp%2Fv2%2Fcategories&post=24"},{"taxonomy":"post_tag","embeddable":true,"href":"https:\/\/waldkindergarten-berglen.de\/index.php?rest_route=%2Fwp%2Fv2%2Ftags&post=24"}],"curies":[{"name":"wp","href":"https:\/\/api.w.org\/{rel}","templated":true}]}}